{"id":20850,"date":"2020-01-06T19:22:21","date_gmt":"2020-01-06T18:22:21","guid":{"rendered":"http:\/\/ecolesainteanne-plouguin.fr\/?page_id=20850"},"modified":"2024-02-21T13:44:01","modified_gmt":"2024-02-21T12:44:01","slug":"projet-pedagogique","status":"publish","type":"page","link":"https:\/\/ecolesainteanne-plouguin.fr\/?page_id=20850","title":{"rendered":"Projet p\u00e9dagogique"},"content":{"rendered":"<p>L&rsquo;\u00e9cole Sainte-Anne est un \u00ab&nbsp;\u00e9tablissement de projets&nbsp;\u00bb dans lequel les valeurs \u00e9ducatives se traduisent de mani\u00e8re concr\u00e8te dans l&rsquo;enseignement men\u00e9 et au quotidien.<\/p>\n<p>A tous les \u00e2ges, la p\u00e9dagogie de projet est pratiqu\u00e9e afin de rendre au maximum les \u00e9l\u00e8ves acteurs de leurs apprentissages.  <\/p>\n<div class=\"wp-block-image\">\n<figure class=\"aligncenter\"><img loading=\"lazy\" width=\"356\" height=\"369\" src=\"http:\/\/ecolesainteanne-plouguin.fr\/wp-content\/uploads\/2020\/01\/logo-tampon-\u00e9cole-projets.png\" alt=\"\" class=\"wp-image-20888\" srcset=\"https:\/\/ecolesainteanne-plouguin.fr\/wp-content\/uploads\/2020\/01\/logo-tampon-\u00e9cole-projets.png 356w, https:\/\/ecolesainteanne-plouguin.fr\/wp-content\/uploads\/2020\/01\/logo-tampon-\u00e9cole-projets-289x300.png 289w, https:\/\/ecolesainteanne-plouguin.fr\/wp-content\/uploads\/2020\/01\/logo-tampon-\u00e9cole-projets-300x311.png 300w\" sizes=\"(max-width: 356px) 100vw, 356px\" \/><\/figure>\n<\/div>\n<p>Nos projets peuvent \u00eatre&nbsp;:<\/p>\n<ul>\n<li>particuliers \u00e0 une classe&nbsp;; <\/li>\n<li>v\u00e9cus diff\u00e9remment dans chaque classe mais portant sur un th\u00e8me commun&nbsp;; <\/li>\n<li>v\u00e9cus collectivement, toutes tranches d&rsquo;\u00e2g\u00e9 m\u00e9lang\u00e9es. <\/li>\n<\/ul>\n<p>L&rsquo;\u00e9quipe p\u00e9dagogique ne s&rsquo;interdit aucune organisation ni aucun dispositif si cela va dans l&rsquo;int\u00e9r\u00eat de l&rsquo;\u00e9l\u00e8ve et sert les projets \u00e9ducatif et p\u00e9dagogique de l&rsquo;\u00e9tablissement.<\/p>\n<p>Nous pensons que la r\u00e9ussite n&rsquo;est pas un mod\u00e8le unique et contraint, tous les \u00e9l\u00e8ves peuvent r\u00e9ussir.<\/p>\n<div style=\"height:52px\" aria-hidden=\"true\" class=\"wp-block-spacer\"><\/div>\n<p>L&rsquo;\u00e9quipe p\u00e9dagogique de l&rsquo;\u00e9tablissement a fait \u00e9merger plusieurs <strong>axes prioritaires<\/strong> qui guident ses pratiques au fil de l&rsquo;ann\u00e9e.<\/p>\n<p class=\"has-text-align-center\"> 1 &#8211; R\u00e9pondre \u00e0 la difficult\u00e9 scolaire<\/p>\n<p class=\"has-text-align-center\"> 2- Faire grandir toutes les dimensions de nos \u00e9l\u00e8ves (aller au-del\u00e0 des savoirs fondamentaux, n\u00e9cessaires mais pas suffisants)<\/p>\n<p class=\"has-text-align-center\"> 3 &#8211; Faire acqu\u00e9rir une culture morale et civique \u00e0 nos \u00e9l\u00e8ves<\/p>\n<div style=\"height:30px\" aria-hidden=\"true\" class=\"wp-block-spacer\"><\/div>\n<figure class=\"wp-block-table aligncenter\">\n<table>\n<tbody>\n<tr>\n<td> <strong>R\u00e9pondre \u00e0 la difficult\u00e9 scolaire<\/strong> <\/td>\n<\/tr>\n<\/tbody>\n<\/table>\n<\/figure>\n<ul>\n<li> \u00e9tablir finement les \u00e9valuations diagnostiques pour mieux cibler les difficult\u00e9s des \u00e9l\u00e8ves <\/li>\n<li> cr\u00e9er des PPRE efficients <\/li>\n<\/ul>\n<div style=\"height:20px\" aria-hidden=\"true\" class=\"wp-block-spacer\"><\/div>\n<figure class=\"wp-block-table aligncenter\">\n<table>\n<tbody>\n<tr>\n<td> <strong>Faire grandir toutes les dimensions de nos \u00e9l\u00e8ves<\/strong> <strong>(aller au-del\u00e0 des savoirs fondamentaux, n\u00e9cessaires mais pas suffisants)<\/strong> <\/td>\n<\/tr>\n<\/tbody>\n<\/table>\n<\/figure>\n<ul>\n<li> sensibiliser les \u00e9l\u00e8ves \u00e0 la s\u00e9curit\u00e9 sous toutes ses formes <\/li>\n<li> faire grandir les \u00e9l\u00e8ves en leur faisant vivre des temps en dehors des murs de l&rsquo;\u00e9cole <\/li>\n<li> d\u00e9velopper la sensibilit\u00e9 des \u00e9l\u00e8ves \u00e0 la protection de l&rsquo;environnement ainsi que leurs connaissances \u00e0 ce sujet <\/li>\n<\/ul>\n<div style=\"height:20px\" aria-hidden=\"true\" class=\"wp-block-spacer\"><\/div>\n<figure class=\"wp-block-table aligncenter\">\n<table>\n<tbody>\n<tr>\n<td> <strong>Faire acqu\u00e9rir une culture morale et civique<\/strong> <strong>\u00e0 nos \u00e9l\u00e8ves<\/strong> <\/td>\n<\/tr>\n<\/tbody>\n<\/table>\n<\/figure>\n<ul>\n<li> installer le syst\u00e8me de la \u00ab&nbsp;G\u00e9n\u00e9ration M\u00e9diateurs&nbsp;\u00bb <\/li>\n<li> cr\u00e9er un conseil d&rsquo;\u00e9cole r\u00e9unissant des \u00e9l\u00e8ves d\u00e9l\u00e9gu\u00e9s <\/li>\n<\/ul>\n<div style=\"height:51px\" aria-hidden=\"true\" class=\"wp-block-spacer\"><\/div>\n<div class=\"wp-block-image\">\n<figure class=\"alignright is-resized\"><img loading=\"lazy\" src=\"http:\/\/ecolesainteanne-plouguin.fr\/wp-content\/uploads\/2020\/01\/logo-\u00e9cole-pour-fb-photo-de-profil-2-1.png\" alt=\"\" class=\"wp-image-20909\" width=\"301\" height=\"196\" srcset=\"https:\/\/ecolesainteanne-plouguin.fr\/wp-content\/uploads\/2020\/01\/logo-\u00e9cole-pour-fb-photo-de-profil-2-1.png 733w, https:\/\/ecolesainteanne-plouguin.fr\/wp-content\/uploads\/2020\/01\/logo-\u00e9cole-pour-fb-photo-de-profil-2-1-300x195.png 300w\" sizes=\"(max-width: 301px) 100vw, 301px\" \/><\/figure>\n<\/div>\n<p>FAIRE GRANDIR LES ELEVES<\/p>\n<p class=\"has-text-align-center\"><span style=\"text-decoration: underline;\">Voyage(s) scolaire(s)<\/span><\/p>\n<ul>\n<li> s\u00e9jour en classe de neige (CM1\/CM2) <\/li>\n<\/ul>\n<p class=\"has-text-align-center\"><span style=\"text-decoration: underline;\">D\u00e9velopper la tol\u00e9rance par l&rsquo;ouverture au monde<\/span><\/p>\n<ul>\n<li> favoriser la rencontre de personnes, d&rsquo;arts, de sports que les enfants n&rsquo;ont pas l&rsquo;habitude de croiser, de pratiquer  <\/li>\n<\/ul>\n","protected":false},"excerpt":{"rendered":"<p>L&rsquo;\u00e9cole Sainte-Anne est un \u00ab&nbsp;\u00e9tablissement de projets&nbsp;\u00bb dans lequel les valeurs \u00e9ducatives se traduisent de mani\u00e8re concr\u00e8te dans l&rsquo;enseignement men\u00e9 et au quotidien. A tous les \u00e2ges, la p\u00e9dagogie de projet est pratiqu\u00e9e afin de rendre au maximum les \u00e9l\u00e8ves acteurs de leurs apprentissages. Nos projets peuvent \u00eatre&nbsp;: particuliers \u00e0 une classe&nbsp;; v\u00e9cus diff\u00e9remment dans&#8230;<\/p>\n","protected":false},"author":1,"featured_media":0,"parent":0,"menu_order":0,"comment_status":"closed","ping_status":"closed","template":"full-width-page.php","meta":{"ngg_post_thumbnail":0},"_links":{"self":[{"href":"https:\/\/ecolesainteanne-plouguin.fr\/index.php?rest_route=\/wp\/v2\/pages\/20850"}],"collection":[{"href":"https:\/\/ecolesainteanne-plouguin.fr\/index.php?rest_route=\/wp\/v2\/pages"}],"about":[{"href":"https:\/\/ecolesainteanne-plouguin.fr\/index.php?rest_route=\/wp\/v2\/types\/page"}],"author":[{"embeddable":true,"href":"https:\/\/ecolesainteanne-plouguin.fr\/index.php?rest_route=\/wp\/v2\/users\/1"}],"replies":[{"embeddable":true,"href":"https:\/\/ecolesainteanne-plouguin.fr\/index.php?rest_route=%2Fwp%2Fv2%2Fcomments&post=20850"}],"version-history":[{"count":24,"href":"https:\/\/ecolesainteanne-plouguin.fr\/index.php?rest_route=\/wp\/v2\/pages\/20850\/revisions"}],"predecessor-version":[{"id":23579,"href":"https:\/\/ecolesainteanne-plouguin.fr\/index.php?rest_route=\/wp\/v2\/pages\/20850\/revisions\/23579"}],"wp:attachment":[{"href":"https:\/\/ecolesainteanne-plouguin.fr\/index.php?rest_route=%2Fwp%2Fv2%2Fmedia&parent=20850"}],"curies":[{"name":"wp","href":"https:\/\/api.w.org\/{rel}","templated":true}]}}